{"version":"1.0","provider_name":"Charades, mots cach\u00e9s,  jeux, devinettes, pour enfants.","provider_url":"https:\/\/pour-enfants.fr\/charades","author_name":"Claude","author_url":"https:\/\/pour-enfants.fr\/charades\/author\/admin\/","title":"Rentr\u00e9e des classes 2025. Souvenir de 2020. Bonne rentr\u00e9e \u00e0 tous et \u00e0 toutes, profs, enfants, parents. - Charades, mots cach\u00e9s, jeux, devinettes, pour enfants.","type":"rich","width":600,"height":338,"html":"<blockquote class=\"wp-embedded-content\" data-secret=\"MpjAqmWs6E\"><a href=\"https:\/\/pour-enfants.fr\/charades\/rentree-des-classes-2020-bonne-rentree\/\">Rentr\u00e9e des classes 2025. Souvenir de 2020. Bonne rentr\u00e9e \u00e0 tous et \u00e0 toutes, profs, enfants, parents.<\/a><\/blockquote><iframe sandbox=\"allow-scripts\" security=\"restricted\" src=\"https:\/\/pour-enfants.fr\/charades\/rentree-des-classes-2020-bonne-rentree\/embed\/#?secret=MpjAqmWs6E\" width=\"600\" height=\"338\" title=\"\u00ab\u00a0Rentr\u00e9e des classes 2025. Souvenir de 2020. Bonne rentr\u00e9e \u00e0 tous et \u00e0 toutes, profs, enfants, parents.\u00a0\u00bb &#8212; Charades, mots cach\u00e9s,  jeux, devinettes, pour enfants.\" data-secret=\"MpjAqmWs6E\" frameborder=\"0\" marginwidth=\"0\" marginheight=\"0\" scrolling=\"no\" class=\"wp-embedded-content\"><\/iframe><script>\n\/*! This file is auto-generated *\/\n!function(c,d){\"use strict\";var e=!1,o=!1;if(d.querySelector)if(c.addEventListener)e=!0;if(c.wp=c.wp||{},c.wp.receiveEmbedMessage);else if(c.wp.receiveEmbedMessage=function(e){var t=e.data;if(!t);else if(!(t.secret||t.message||t.value));else if(\/[^a-zA-Z0-9]\/.test(t.secret));else{for(var r,s,a,i=d.querySelectorAll('iframe[data-secret=\"'+t.secret+'\"]'),n=d.querySelectorAll('blockquote[data-secret=\"'+t.secret+'\"]'),o=new RegExp(\"^https?:$\",\"i\"),l=0;l<n.length;l++)n[l].style.display=\"none\";for(l=0;l<i.length;l++)if(r=i[l],e.source!==r.contentWindow);else{if(r.removeAttribute(\"style\"),\"height\"===t.message){if(1e3<(s=parseInt(t.value,10)))s=1e3;else if(~~s<200)s=200;r.height=s}if(\"link\"===t.message)if(s=d.createElement(\"a\"),a=d.createElement(\"a\"),s.href=r.getAttribute(\"src\"),a.href=t.value,!o.test(a.protocol));else if(a.host===s.host)if(d.activeElement===r)c.top.location.href=t.value}}},e)c.addEventListener(\"message\",c.wp.receiveEmbedMessage,!1),d.addEventListener(\"DOMContentLoaded\",t,!1),c.addEventListener(\"load\",t,!1);function t(){if(o);else{o=!0;for(var e,t,r,s=-1!==navigator.appVersion.indexOf(\"MSIE 10\"),a=!!navigator.userAgent.match(\/Trident.*rv:11\\.\/),i=d.querySelectorAll(\"iframe.wp-embedded-content\"),n=0;n<i.length;n++){if(!(r=(t=i[n]).getAttribute(\"data-secret\")))r=Math.random().toString(36).substr(2,10),t.src+=\"#?secret=\"+r,t.setAttribute(\"data-secret\",r);if(s||a)(e=t.cloneNode(!0)).removeAttribute(\"security\"),t.parentNode.replaceChild(e,t);t.contentWindow.postMessage({message:\"ready\",secret:r},\"*\")}}}}(window,document);\n<\/script>\n","description":"[ Mise \u00e0 jour pour la rentr\u00e9e scolaire 2025 ] Un petit souvenir de la rentr\u00e9e scolaire 2020, p\u00e9riode de covid intense. En France la rentr\u00e9e des classes \u00e0 eu lieu le mardi premier septembre 2020. Pour les enseignants la pr\u00e9rentr\u00e9e \u00e0 eu lieu la veille. Je pense qu&#8217;il faudra beaucoup d&#8217;humour \u00e0 tout le &hellip; Continuer la lecture de","thumbnail_url":"http:\/\/pour-enfants.fr\/charades\/wp-content\/uploads\/2020\/09\/rentree-scolaire-2020.jpg"}